{"id":214,"date":"2020-11-01T22:50:51","date_gmt":"2020-11-01T22:50:51","guid":{"rendered":"https:\/\/weltderspaetantike.de\/?page_id=214"},"modified":"2023-07-08T14:59:48","modified_gmt":"2023-07-08T14:59:48","slug":"die-vandalen","status":"publish","type":"page","link":"https:\/\/weltderspaetantike.de\/index.php\/podcasts\/die-vandalen\/","title":{"rendered":"Die Vandalen"},"content":{"rendered":"<div class=\"wp-block-image\">\n<figure class=\"aligncenter size-large is-resized\"><img loading=\"lazy\" decoding=\"async\" src=\"https:\/\/weltderspaetantike.de\/wp-content\/uploads\/2020\/11\/690px-Vandal_alan_kingdom_526-cc0.png\" alt=\"\" class=\"wp-image-262\" width=\"532\" height=\"464\"\/><\/figure><\/div>\n\n\n<figure class=\"wp-block-table\"><table><tbody><tr><td>1<\/td><td><a href=\"https:\/\/weltderspaetantike.de\/index.php\/2020\/11\/01\/folge-1-vandalen-im-roemischen-reich\/\">Vandalen im R\u00f6mischen Reich<\/a><\/td><td>18. 12. 2020<\/td><\/tr><tr><td>2<\/td><td><a href=\"https:\/\/weltderspaetantike.de\/index.php\/2020\/11\/08\/folge-2-koenigtum-christianisierung-und-eroberung-afrikas\/\">K\u00f6nigtum, Christianisierung und die Eroberung Afrikas<\/a><\/td><td>01. 01. 2020<\/td><\/tr><tr><td>3<\/td><td><a href=\"https:\/\/weltderspaetantike.de\/index.php\/2020\/11\/21\/folge-3-geiserich-und-westrom\/\">Geiserich und das westr\u00f6mische Chaos<\/a><\/td><td>08. 01. 2021<\/td><\/tr><tr><td>4<\/td><td><a href=\"https:\/\/weltderspaetantike.de\/index.php\/2020\/12\/09\/folge-4-das-afrikanische-koenigreich-der-vandalen\/\">Das vandalische K\u00f6nigreich in Afrika<\/a><\/td><td>15. 01. 2021<\/td><\/tr><tr><td>5<\/td><td><a href=\"https:\/\/weltderspaetantike.de\/index.php\/2020\/12\/09\/folge-5-hunerich-der-verfolger\/\">Hunerich, der Verfolger<\/a><\/td><td>22. 01. 2021<\/td><\/tr><tr><td>6<\/td><td><a href=\"https:\/\/weltderspaetantike.de\/index.php\/2020\/12\/09\/folge-6-gunthamund-thrasamund-und-hilderich\/\">Gunthamund, Thrasamund und Hilderich<\/a><\/td><td>29. 01. 2021<\/td><\/tr><tr><td>7<\/td><td><a href=\"https:\/\/weltderspaetantike.de\/index.php\/2021\/02\/05\/folge-7-der-untergang-der-vandalen\/\">Das Ende der Gl\u00fccksstr\u00e4hne<\/a><\/td><td>05. 02. 2021<\/td><\/tr><\/tbody><\/table><\/figure>\n\n\n<div class=\"wp-block-image\">\n<figure class=\"aligncenter size-large is-resized\"><img loading=\"lazy\" decoding=\"async\" src=\"https:\/\/weltderspaetantike.de\/wp-content\/uploads\/2021\/02\/600px-Vandalic_Cross.svg_.png\" alt=\"\" class=\"wp-image-582\" width=\"195\" height=\"200\"\/><\/figure><\/div>\n\n\n<figure class=\"wp-block-table\"><table><tbody><tr><td><strong><em>Bonusfolgen<\/em><\/strong><\/td><td><\/td><\/tr><tr><td>1 &#8211; <a href=\"https:\/\/weltderspaetantike.de\/index.php\/2023\/06\/24\/die-vandalen-bonusfolge-1-der-wuermertod-als-antikes-strafmotiv\/\">Der W\u00fcrmertod als antikes Strafmotiv<\/a><\/td><td>22. 01. 2021<\/td><\/tr><tr><td>2 &#8211; <a href=\"https:\/\/weltderspaetantike.de\/index.php\/2023\/07\/01\/die-vandalen-bonusfolge-2-germanen-slawen-und-vandalismus-eine-rezeptionsgeschichte\/\">Was haben die Vandalen mit Slawen und Schweden zu tun?<\/a><\/td><td>05. 02. 2021<\/td><\/tr><tr><td>3 &#8211; <a href=\"https:\/\/weltderspaetantike.de\/index.php\/2023\/07\/08\/die-vandalen-bonusfolge-3-die-sueben\/\">Die Sueben<\/a><\/td><td>12. 02. 2021<\/td><\/tr><\/tbody><\/table><\/figure>\n\n\n\n<p><strong>Literatur<\/strong><\/p>\n\n\n\n<p><a href=\"https:\/\/www.wbg-wissenverbindet.de\/shop\/28732\/das-koenigreich-der-vandalen\">Konrad V\u00f6ssing: Das K\u00f6nigreich der Vandalen, Darmstadt 2014.<\/a>&nbsp;Rezensionen&nbsp;<a href=\"http:\/\/www.sehepunkte.de\/2014\/07\/24946.html\">hier<\/a>&nbsp;und&nbsp;<a href=\"https:\/\/www.hsozkult.de\/publicationreview\/id\/reb-20877\">hier<\/a><\/p>\n\n\n\n<p><a href=\"https:\/\/www.klett-cotta.de\/buch\/Geschichte\/Die_Vandalen\/70075\">Roland Steinacher: Die Vandalen, Stuttgart 2016<\/a>&nbsp;Zur&nbsp;<a href=\"https:\/\/www.hsozkult.de\/publicationreview\/id\/reb-24357\">Rezension<\/a><\/p>\n\n\n\n<p>Roland Steinacher: Von W\u00fcrmern bei lebendigem Leibe zerfressen&#8230;. und die L\u00e4usesucht Phtheiriasis. Ein antikes Strafmotiv und seine antike Rezeptionsgeschichte<\/p>\n","protected":false},"excerpt":{"rendered":"<p>1 Vandalen im R\u00f6mischen Reich 18. 12. 2020 2 K\u00f6nigtum, Christianisierung und die Eroberung Afrikas 01. 01. 2020 3 Geiserich und das westr\u00f6mische Chaos 08. 01. 2021 4 Das vandalische K\u00f6nigreich in Afrika 15. 01. 2021 5 Hunerich, der Verfolger &hellip; <a href=\"https:\/\/weltderspaetantike.de\/index.php\/podcasts\/die-vandalen\/\">Weiterlesen <span class=\"meta-nav\">&rarr;<\/span><\/a><\/p>\n","protected":false},"author":1,"featured_media":0,"parent":8,"menu_order":0,"comment_status":"closed","ping_status":"closed","template":"","meta":{"footnotes":""},"_links":{"self":[{"href":"https:\/\/weltderspaetantike.de\/index.php\/wp-json\/wp\/v2\/pages\/214"}],"collection":[{"href":"https:\/\/weltderspaetantike.de\/index.php\/wp-json\/wp\/v2\/pages"}],"about":[{"href":"https:\/\/weltderspaetantike.de\/index.php\/wp-json\/wp\/v2\/types\/page"}],"author":[{"embeddable":true,"href":"https:\/\/weltderspaetantike.de\/index.php\/wp-json\/wp\/v2\/users\/1"}],"replies":[{"embeddable":true,"href":"https:\/\/weltderspaetantike.de\/index.php\/wp-json\/wp\/v2\/comments?post=214"}],"version-history":[{"count":27,"href":"https:\/\/weltderspaetantike.de\/index.php\/wp-json\/wp\/v2\/pages\/214\/revisions"}],"predecessor-version":[{"id":2089,"href":"https:\/\/weltderspaetantike.de\/index.php\/wp-json\/wp\/v2\/pages\/214\/revisions\/2089"}],"up":[{"embeddable":true,"href":"https:\/\/weltderspaetantike.de\/index.php\/wp-json\/wp\/v2\/pages\/8"}],"wp:attachment":[{"href":"https:\/\/weltderspaetantike.de\/index.php\/wp-json\/wp\/v2\/media?parent=214"}],"curies":[{"name":"wp","href":"https:\/\/api.w.org\/{rel}","templated":true}]}}