{"id":538,"date":"2021-02-05T15:00:00","date_gmt":"2021-02-05T15:00:00","guid":{"rendered":"https:\/\/weltderspaetantike.de\/?page_id=538"},"modified":"2023-08-05T16:35:44","modified_gmt":"2023-08-05T16:35:44","slug":"die-goten","status":"publish","type":"page","link":"https:\/\/weltderspaetantike.de\/index.php\/podcasts\/die-goten\/","title":{"rendered":"Die Goten"},"content":{"rendered":"\n<figure class=\"wp-block-image size-large is-resized\"><img loading=\"lazy\" decoding=\"async\" src=\"https:\/\/weltderspaetantike.de\/wp-content\/uploads\/2021\/01\/512px-528_CE_Europe.svg-Richard-Ichida-CC-BY-SA-4-geschnitten-1.png\" alt=\"\" class=\"wp-image-549\" width=\"591\" height=\"185\" srcset=\"https:\/\/weltderspaetantike.de\/wp-content\/uploads\/2021\/01\/512px-528_CE_Europe.svg-Richard-Ichida-CC-BY-SA-4-geschnitten-1.png 498w, https:\/\/weltderspaetantike.de\/wp-content\/uploads\/2021\/01\/512px-528_CE_Europe.svg-Richard-Ichida-CC-BY-SA-4-geschnitten-1-300x93.png 300w\" sizes=\"(max-width: 591px) 100vw, 591px\" \/><\/figure>\n\n\n\n<figure class=\"wp-block-table\"><table><tbody><tr><td><\/td><td class=\"has-text-align-left\" data-align=\"left\"><strong>Der Goten Erster Teil &#8211; Auf Wanderschaft<\/strong><\/td><td><\/td><\/tr><tr><td>1<\/td><td class=\"has-text-align-left\" data-align=\"left\"><a href=\"https:\/\/weltderspaetantike.de\/index.php\/2021\/02\/19\/die-goten-folge-1-der-zug-zum-schwarzen-meer\/\">Der Zug zum Schwarzen Meer<\/a><\/td><td>19. 02. 2021     <\/td><\/tr><tr><td>2<\/td><td class=\"has-text-align-left\" data-align=\"left\"><a href=\"https:\/\/weltderspaetantike.de\/index.php\/2021\/02\/26\/die-goten-folge-2-greutungen-religion-sprache-und-christianisierung\/\">Greutungen, Religion, Sprache und Christianisierung<\/a><\/td><td>26. 02. 2021<\/td><\/tr><tr><td>3<\/td><td class=\"has-text-align-left\" data-align=\"left\"><a href=\"https:\/\/weltderspaetantike.de\/index.php\/2021\/03\/05\/die-goten-folge-3-lang-lebe-alarich\/\">Lang lebe Alarich!<\/a><\/td><td>05. 03. 2021<\/td><\/tr><tr><td>4<\/td><td class=\"has-text-align-left\" data-align=\"left\"><a href=\"https:\/\/weltderspaetantike.de\/index.php\/2021\/03\/12\/die-goten-folge-4-das-tolosanische-reich\/\">Das Tolosanische Reich<\/a><\/td><td>12. 03. 2021<\/td><\/tr><tr><td><\/td><td class=\"has-text-align-left\" data-align=\"left\"><strong>Der Goten Zweiter Teil &#8211; Die Ostgoten<\/strong><\/td><td><\/td><\/tr><tr><td>5<\/td><td class=\"has-text-align-left\" data-align=\"left\"><a href=\"https:\/\/weltderspaetantike.de\/index.php\/2021\/03\/26\/die-goten-folge-5-die-ostgoten-vom-balkan-nach-italien\/\">Die Ostgoten: Vom Balkan nach Italien<\/a><\/td><td>26. 03. 2021<\/td><\/tr><tr><td>6<\/td><td class=\"has-text-align-left\" data-align=\"left\"><a href=\"https:\/\/weltderspaetantike.de\/index.php\/2021\/04\/02\/die-goten-folge-6-theoderichs-italienisches-koenigreich\/\">Theoderichs italienisches K\u00f6nigreich<\/a><\/td><td>02. 04. 2021<\/td><\/tr><tr><td>7<\/td><td class=\"has-text-align-left\" data-align=\"left\"><a href=\"https:\/\/weltderspaetantike.de\/index.php\/2021\/04\/09\/die-goten-folge-7-theoderichs-aussenpolitik-und-letzten-regierungsjahre\/\">Eine gro\u00dfe gl\u00fcckliche Familie<\/a><\/td><td>09. 04. 2021<\/td><\/tr><tr><td>8<\/td><td class=\"has-text-align-left\" data-align=\"left\"><a href=\"https:\/\/weltderspaetantike.de\/index.php\/2021\/04\/16\/die-goten-folge-8-das-ende-der-ostgoten\/\">Das Ende der Ostgoten<\/a><\/td><td>16. 04. 2021<\/td><\/tr><tr><td><\/td><td class=\"has-text-align-left\" data-align=\"left\"><strong>Der Goten dritter Teil &#8211; Die Westgoten<\/strong><\/td><td><\/td><\/tr><tr><td>9<\/td><td class=\"has-text-align-left\" data-align=\"left\"><a href=\"https:\/\/weltderspaetantike.de\/index.php\/2021\/04\/30\/die-goten-folge-9-von-toulouse-nach-toledo\/\">Von Toulouse nach Toledo &#8211; Spannungsreiche Familienverh\u00e4ltnisse<\/a><\/td><td>30. 04. 2021<\/td><\/tr><tr><td>10<\/td><td class=\"has-text-align-left\" data-align=\"left\"><a href=\"https:\/\/weltderspaetantike.de\/index.php\/2021\/05\/07\/die-goten-folge-10-die-gotische-krankheit\/\">Die gotische Krankheit<\/a><\/td><td>07. 05. 2021<\/td><\/tr><tr><td>11<\/td><td class=\"has-text-align-left\" data-align=\"left\"><a href=\"https:\/\/weltderspaetantike.de\/index.php\/podcasts\/alle-folgen\/\">Der Patient ist tot<\/a><\/td><td>14. 05. 2021<\/td><\/tr><tr><td>12<\/td><td class=\"has-text-align-left\" data-align=\"left\"><a href=\"https:\/\/weltderspaetantike.de\/index.php\/2021\/05\/21\/die-goten-folge-12-kirche-kultur-und-gesellschaft\/\">Kultur, Kirche und Gesellschaft<\/a><\/td><td>21. 05. 2021<\/td><\/tr><\/tbody><\/table><\/figure>\n\n\n<div class=\"wp-block-image\">\n<figure class=\"aligncenter size-large is-resized\"><img loading=\"lazy\" decoding=\"async\" src=\"https:\/\/weltderspaetantike.de\/wp-content\/uploads\/2021\/01\/800px-RA_Theoderich-Mausoleum_2010-CC-BY-SA-Wilfred-Krause.jpg\" alt=\"\" class=\"wp-image-545\" width=\"373\" height=\"282\"\/><\/figure><\/div>\n\n\n<figure class=\"wp-block-table\"><table><tbody><tr><td><\/td><td><strong><em>Bonusfolgen<\/em><\/strong><\/td><td><\/td><\/tr><tr><td>1<\/td><td><a href=\"https:\/\/weltderspaetantike.de\/index.php\/2023\/07\/22\/die-goten-bonusfolge-1-goten-in-konstantinopel-von-goten-und-eunuchen-2\/\">Goten in Konstantinopel I  &#8211; Von Goten und Eunuchen<\/a>          <\/td><td>23. 04. 2021<\/td><\/tr><tr><td>2<\/td><td><a href=\"https:\/\/weltderspaetantike.de\/index.php\/2023\/07\/30\/die-goten-bonusfolge-2-goten-in-konstantinopel-von-goten-und-bischoefen-2\/\">Goten in Konstantinopel II &#8211; Von Goten und Bisch\u00f6fen<\/a><\/td><td>23. 04. 2021<\/td><\/tr><tr><td>3<\/td><td><a href=\"https:\/\/weltderspaetantike.de\/index.php\/2023\/08\/05\/bonus-3-rezeptionsgeschichte-theoderich-der-grosse-2\/\">Rezeptionsgeschichte &#8211; Theoderich der Gro\u00dfe<\/a><\/td><td>15. 10. 2022<\/td><\/tr><\/tbody><\/table><\/figure>\n\n\n\n<p><strong>Literatur<\/strong><\/p>\n\n\n\n<p><a href=\"https:\/\/www.chbeck.de\/wolfram-goten\/product\/15838\">Herwig Wolfram: Die Goten. Von den Anf\u00e4ngen bis zur Mitte des sechsten Jahrhunderts. Entwurf einer historischen Ethnographie. M\u00fcnchen 1990, dritte \u00fcberarbeitete Auflage.<\/a><\/p>\n\n\n\n<p><a href=\"https:\/\/digi20.digitale-sammlungen.de\/de\/fs1\/object\/display\/bsb00078159_00001.html\">Gerd Kampers: Geschichte der Westgoten. Paderborn 2008<\/a>. Zur <a href=\"https:\/\/www.hsozkult.de\/publicationreview\/id\/reb-12032\">Rezension<\/a><\/p>\n\n\n\n<p><a href=\"https:\/\/www.wbg-wissenverbindet.de\/shop\/31290\/theoderich-der-grosse\">Frank M. Ausb\u00fcttel: Theoderich der Gro\u00dfe. Darmstadt 2012<\/a>. Zur <a href=\"https:\/\/www.hsozkult.de\/publicationreview\/id\/reb-4626\">Rezension<\/a><\/p>\n\n\n\n<p><a href=\"https:\/\/digi20.digitale-sammlungen.de\/de\/fs1\/object\/display\/bsb00045446_00001.html\">Gerhard Albert: Goten in Konstantinopel. Untersuchungen zur Ostr\u00f6mischen Geschichte um das Jahr 400 n. Chr. M\u00fcnchen 1984.<\/a> Und <a href=\"https:\/\/academic.oup.com\/ahr\/article-abstract\/91\/2\/368\/52333\">Anriss zur Rezension<\/a><\/p>\n\n\n\n<p><a href=\"https:\/\/www.chbeck.de\/leppin-kirchenvaeter-zeit\/product\/18031\">Hartmut Leppin: Die Kirchenv\u00e4ter und ihre Zeit. Von Athanasius bis Gregor dem Gro\u00dfen. M\u00fcnchen 2006, 2. Auflage<\/a>.<\/p>\n\n\n\n<p><a href=\"https:\/\/fis.uni-bamberg.de\/bitstream\/uniba\/43326\/1\/Goltz_Theoderich_A3a.pdf\">Andreas Goltz: Der nackte Theoderich. Ein Verfolger auf dem Weg in die Verdammnis, in: \u201eUnd sie erkannten, dass sie nackt waren.\u201c Nacktheit im Mittelalter (Bamberger interdisziplin\u00e4re Mittelalterstudien 1), Bamberg 2008, S. 387\u2013412. DOI: 10.20378\/irbo-51319<\/a><\/p>\n\n\n\n<p><\/p>\n","protected":false},"excerpt":{"rendered":"<p>Der Goten Erster Teil &#8211; Auf Wanderschaft 1 Der Zug zum Schwarzen Meer 19. 02. 2021 2 Greutungen, Religion, Sprache und Christianisierung 26. 02. 2021 3 Lang lebe Alarich! 05. 03. 2021 4 Das Tolosanische Reich 12. 03. 2021 Der &hellip; <a href=\"https:\/\/weltderspaetantike.de\/index.php\/podcasts\/die-goten\/\">Weiterlesen <span class=\"meta-nav\">&rarr;<\/span><\/a><\/p>\n","protected":false},"author":1,"featured_media":0,"parent":8,"menu_order":0,"comment_status":"closed","ping_status":"closed","template":"","meta":{"footnotes":""},"_links":{"self":[{"href":"https:\/\/weltderspaetantike.de\/index.php\/wp-json\/wp\/v2\/pages\/538"}],"collection":[{"href":"https:\/\/weltderspaetantike.de\/index.php\/wp-json\/wp\/v2\/pages"}],"about":[{"href":"https:\/\/weltderspaetantike.de\/index.php\/wp-json\/wp\/v2\/types\/page"}],"author":[{"embeddable":true,"href":"https:\/\/weltderspaetantike.de\/index.php\/wp-json\/wp\/v2\/users\/1"}],"replies":[{"embeddable":true,"href":"https:\/\/weltderspaetantike.de\/index.php\/wp-json\/wp\/v2\/comments?post=538"}],"version-history":[{"count":37,"href":"https:\/\/weltderspaetantike.de\/index.php\/wp-json\/wp\/v2\/pages\/538\/revisions"}],"predecessor-version":[{"id":2114,"href":"https:\/\/weltderspaetantike.de\/index.php\/wp-json\/wp\/v2\/pages\/538\/revisions\/2114"}],"up":[{"embeddable":true,"href":"https:\/\/weltderspaetantike.de\/index.php\/wp-json\/wp\/v2\/pages\/8"}],"wp:attachment":[{"href":"https:\/\/weltderspaetantike.de\/index.php\/wp-json\/wp\/v2\/media?parent=538"}],"curies":[{"name":"wp","href":"https:\/\/api.w.org\/{rel}","templated":true}]}}