{"id":659,"date":"2021-02-13T23:55:20","date_gmt":"2021-02-13T23:55:20","guid":{"rendered":"https:\/\/weltderspaetantike.de\/?page_id=659"},"modified":"2022-08-05T22:24:23","modified_gmt":"2022-08-05T22:24:23","slug":"die-merowinger","status":"publish","type":"page","link":"https:\/\/weltderspaetantike.de\/index.php\/die-merowinger\/","title":{"rendered":"Die Franken (Merowinger)"},"content":{"rendered":"\n<div class=\"wp-block-image\"><figure class=\"aligncenter size-large is-resized\"><img loading=\"lazy\" decoding=\"async\" src=\"https:\/\/weltderspaetantike.de\/wp-content\/uploads\/2021\/02\/685px-Frankenreich_Expansion_481-555-CC-BY-SA-Altaileopard.png\" alt=\"\" class=\"wp-image-674\" width=\"422\" height=\"372\"\/><\/figure><\/div>\n\n\n\n<figure class=\"wp-block-table\"><table><tbody><tr><td>1<\/td><td><a href=\"https:\/\/weltderspaetantike.de\/index.php\/2021\/06\/11\/die-merowinger-folge-1-die-fruehzeit-bis-chlodwig\/\">Von den Anf\u00e4ngen bis Chlodwig<\/a><\/td><td>11. 06. 2021<\/td><\/tr><tr><td>2<\/td><td><a href=\"https:\/\/weltderspaetantike.de\/index.php\/2021\/06\/25\/die-merowinger-folge-2-blutrache-rechtsleben-koenigtum-und-gesellschaft\/\">Blutrache! &#8211; Rechtsleben, K\u00f6nigtum und Gesellschaft<\/a><\/td><td>25. 06. 2021<\/td><\/tr><tr><td>3<\/td><td><a href=\"https:\/\/weltderspaetantike.de\/?p=1018\">Gef\u00e4hrliche Onkel<\/a><\/td><td>09. 07. 2021<\/td><\/tr><tr><td>4<\/td><td><a href=\"https:\/\/weltderspaetantike.de\/?p=1035\">Bella civile I<\/a><\/td><td>23. 07. 2021<\/td><\/tr><tr><td>5<\/td><td><a href=\"https:\/\/weltderspaetantike.de\/index.php\/2021\/08\/06\/die-merowinger-folge-5-bella-civile-ii\/\">Bella civile II<\/a><\/td><td>06. 08. 2021<\/td><\/tr><tr><td>6<\/td><td><a href=\"https:\/\/weltderspaetantike.de\/index.php\/2021\/09\/06\/die-merowinger-folge-6-chlothar-und-dagobert\/\">Chlothar und Dagobert<\/a><\/td><td>06. 09. 2021<\/td><\/tr><tr><td>7<\/td><td><a href=\"https:\/\/weltderspaetantike.de\/index.php\/2021\/09\/22\/die-merowinger-folge-7-der-aufstieg-der-hausmeier\/\">Der Aufstieg der Hausmeier<\/a><\/td><td>22. 09. 2021<\/td><\/tr><tr><td>8<\/td><td><a href=\"https:\/\/weltderspaetantike.de\/index.php\/2021\/10\/04\/die-merowinger-folge-8-kirche-und-bildung\/\">Kirche und Bildung<\/a><\/td><td>04. 10. 2021<\/td><\/tr><\/tbody><\/table><\/figure>\n\n\n\n<div class=\"wp-block-image\"><figure class=\"aligncenter size-large is-resized\"><img loading=\"lazy\" decoding=\"async\" src=\"https:\/\/weltderspaetantike.de\/wp-content\/uploads\/2021\/04\/CHILDERICI_REGIS-CC0.jpg\" alt=\"\" class=\"wp-image-907\" width=\"213\" height=\"171\"\/><\/figure><\/div>\n\n\n\n<figure class=\"wp-block-table\"><table><tbody><tr><td><\/td><td><strong><em>Bonusfolgen<\/em><\/strong><\/td><td><\/td><td><\/td><\/tr><tr><td>1<\/td><td><a href=\"https:\/\/weltderspaetantike.de\/index.php\/2021\/11\/15\/die-merowinger-bonusfolge-1-die-vita-des-heiligen-desiderius-von-vienne\/\">Die Vita des heiligen Desiderius von Vienne I<\/a><\/td><td><\/td><td>. 10. 2021<\/td><\/tr><tr><td>2<\/td><td><a href=\"https:\/\/weltderspaetantike.de\/index.php\/2021\/11\/22\/die-merowinger-bonusfolge-2-die-vita-des-heiligen-desiderius-von-vienne-ii\/\">Die Vita des heiligen Desiderius von Vienne II<\/a><\/td><td><\/td><td>. 10. 2021<\/td><\/tr><\/tbody><\/table><\/figure>\n\n\n\n<p><strong>Literatur<\/strong><\/p>\n\n\n\n<p><a href=\"https:\/\/www.kohlhammer.de\/wms\/instances\/KOB\/appDE\/Geschichte\/Urban-Taschenbuch\/Die-Merowinger-978-3-17-022507-7\">Sebastian Scholz: Die Merowinger. Stuttgart 2015.<\/a>&nbsp;Rezensionen&nbsp;<a href=\"http:\/\/www.sehepunkte.de\/2016\/04\/27792.html\">hier<\/a>&nbsp;und&nbsp;<a href=\"https:\/\/www.hsozkult.de\/review\/id\/reb-23829\">hier<\/a><\/p>\n\n\n\n<p><a href=\"https:\/\/d-nb.info\/968911641\/04\">Martina Hartmann: Aufbruch ins Mittelalter. Die Zeit der Merowinger. Darmstadt 2011<sup>2<\/sup><\/a>\u00a0Zur\u00a0<a href=\"https:\/\/www.hsozkult.de\/publicationreview\/id\/reb-4692\">Rezension<\/a><\/p>\n\n\n\n<p>King Sisebut: Life and Martyrdom of Desiderius, in: A. T. Fear (Hrsg. und \u00dcbers.): Life of the Visigothic Fathers (= Tanslated Texts for Historians 26), S. 1-14.<\/p>\n","protected":false},"excerpt":{"rendered":"<p>1 Von den Anf\u00e4ngen bis Chlodwig 11. 06. 2021 2 Blutrache! &#8211; Rechtsleben, K\u00f6nigtum und Gesellschaft 25. 06. 2021 3 Gef\u00e4hrliche Onkel 09. 07. 2021 4 Bella civile I 23. 07. 2021 5 Bella civile II 06. 08. 2021 6 &hellip; <a href=\"https:\/\/weltderspaetantike.de\/index.php\/die-merowinger\/\">Weiterlesen <span class=\"meta-nav\">&rarr;<\/span><\/a><\/p>\n","protected":false},"author":1,"featured_media":0,"parent":0,"menu_order":0,"comment_status":"closed","ping_status":"closed","template":"","meta":{"footnotes":""},"_links":{"self":[{"href":"https:\/\/weltderspaetantike.de\/index.php\/wp-json\/wp\/v2\/pages\/659"}],"collection":[{"href":"https:\/\/weltderspaetantike.de\/index.php\/wp-json\/wp\/v2\/pages"}],"about":[{"href":"https:\/\/weltderspaetantike.de\/index.php\/wp-json\/wp\/v2\/types\/page"}],"author":[{"embeddable":true,"href":"https:\/\/weltderspaetantike.de\/index.php\/wp-json\/wp\/v2\/users\/1"}],"replies":[{"embeddable":true,"href":"https:\/\/weltderspaetantike.de\/index.php\/wp-json\/wp\/v2\/comments?post=659"}],"version-history":[{"count":21,"href":"https:\/\/weltderspaetantike.de\/index.php\/wp-json\/wp\/v2\/pages\/659\/revisions"}],"predecessor-version":[{"id":1751,"href":"https:\/\/weltderspaetantike.de\/index.php\/wp-json\/wp\/v2\/pages\/659\/revisions\/1751"}],"wp:attachment":[{"href":"https:\/\/weltderspaetantike.de\/index.php\/wp-json\/wp\/v2\/media?parent=659"}],"curies":[{"name":"wp","href":"https:\/\/api.w.org\/{rel}","templated":true}]}}